{"id":150323,"date":"2025-02-05T16:04:27","date_gmt":"2025-02-05T16:04:27","guid":{"rendered":"https:\/\/modalisboa.pt\/modalisboa-capital\/welcome\/"},"modified":"2025-06-02T12:14:23","modified_gmt":"2025-06-02T12:14:23","slug":"welcome","status":"publish","type":"page","link":"https:\/\/modalisboa.pt\/en\/modalisboa-capital\/welcome\/","title":{"rendered":"Welcome"},"content":{"rendered":"<p>[et_pb_section fb_built=&#8221;1&#8243; disabled_on=&#8221;off|off|off&#8221; admin_label=&#8221;Header&#8221; _builder_version=&#8221;4.24.0&#8243; _module_preset=&#8221;default&#8221; custom_padding=&#8221;0px||0px||false|false&#8221; da_disable_devices=&#8221;off|off|off&#8221; locked=&#8221;off&#8221; global_colors_info=&#8221;{}&#8221; da_is_popup=&#8221;off&#8221; da_exit_intent=&#8221;off&#8221; da_has_close=&#8221;on&#8221; da_alt_close=&#8221;off&#8221; da_dark_close=&#8221;off&#8221; da_not_modal=&#8221;on&#8221; da_is_singular=&#8221;off&#8221; da_with_loader=&#8221;off&#8221; da_has_shadow=&#8221;on&#8221;][et_pb_row _builder_version=&#8221;4.16&#8243; _module_preset=&#8221;default&#8221; width=&#8221;100%&#8221; max_width=&#8221;2560px&#8221; custom_padding=&#8221;0px||0px||false|false&#8221; global_colors_info=&#8221;{}&#8221;][et_pb_column type=&#8221;4_4&#8243; _builder_version=&#8221;4.16&#8243; _module_preset=&#8221;default&#8221; global_colors_info=&#8221;{}&#8221;][et_pb_slider _builder_version=&#8221;4.27.4&#8243; _module_preset=&#8221;fdf34095-bc39-43c6-98b5-b76e816b2824&#8243; hover_enabled=&#8221;0&#8243; global_colors_info=&#8221;{}&#8221; sticky_enabled=&#8221;0&#8243;][et_pb_slide _builder_version=&#8221;4.27.4&#8243; _module_preset=&#8221;default&#8221; body_font=&#8221;Inter||||||||&#8221; body_text_align=&#8221;left&#8221; body_text_color=&#8221;RGBA(255,255,255,0)&#8221; body_font_size=&#8221;20px&#8221; background_enable_color=&#8221;off&#8221; background_image=&#8221;https:\/\/modalisboa.pt\/wp-content\/uploads\/2025\/04\/modalisboa_home_01.jpg&#8221; background_enable_image=&#8221;on&#8221; background_position=&#8221;top_center&#8221; background_enable_video_mp4=&#8221;off&#8221; button_alignment=&#8221;left&#8221; hover_enabled=&#8221;0&#8243; background_last_edited=&#8221;on|phone&#8221; background_image_tablet=&#8221;https:\/\/modalisboa.pt\/wp-content\/uploads\/2025\/04\/modalisboa_home_02.jpg&#8221; background_image_phone=&#8221;https:\/\/modalisboa.pt\/wp-content\/uploads\/2025\/04\/modalisboa_home_03.jpg&#8221; background_enable_image_tablet=&#8221;on&#8221; background_enable_image_phone=&#8221;on&#8221; custom_css_slide_button=&#8221;pointer-events: none;&#8221; global_colors_info=&#8221;{}&#8221; sticky_transition=&#8221;on&#8221; title_text=&#8221;modalisboa_home_03&#8243; sticky_enabled=&#8221;0&#8243;][\/et_pb_slide][\/et_pb_slider][\/et_pb_column][\/et_pb_row][\/et_pb_section][et_pb_section fb_built=&#8221;1&#8243; disabled_on=&#8221;on|on|on&#8221; admin_label=&#8221;Texto ModaLisboa Capital&#8221; _builder_version=&#8221;4.27.4&#8243; _module_preset=&#8221;default&#8221; custom_padding=&#8221;||||false|false&#8221; da_disable_devices=&#8221;off|off|off&#8221; disabled=&#8221;on&#8221; global_colors_info=&#8221;{}&#8221; da_is_popup=&#8221;off&#8221; da_exit_intent=&#8221;off&#8221; da_has_close=&#8221;on&#8221; da_alt_close=&#8221;off&#8221; da_dark_close=&#8221;off&#8221; da_not_modal=&#8221;on&#8221; da_is_singular=&#8221;off&#8221; da_with_loader=&#8221;off&#8221; da_has_shadow=&#8221;on&#8221;][et_pb_row _builder_version=&#8221;4.24.0&#8243; _module_preset=&#8221;8a327be8-7492-412f-993e-855520c01073&#8243; width=&#8221;70%&#8221; width_tablet=&#8221;85%&#8221; width_phone=&#8221;85%&#8221; width_last_edited=&#8221;on|phone&#8221; custom_margin=&#8221;||||false|false&#8221; custom_padding=&#8221;||||false|false&#8221; global_colors_info=&#8221;{}&#8221;][et_pb_column type=&#8221;4_4&#8243; _builder_version=&#8221;4.16&#8243; _module_preset=&#8221;default&#8221; background_enable_image=&#8221;off&#8221; background_last_edited=&#8221;on|tablet&#8221; background_enable_image_tablet=&#8221;off&#8221; global_colors_info=&#8221;{}&#8221;][et_pb_text admin_label=&#8221;Texto&#8221; _builder_version=&#8221;4.27.2&#8243; _module_preset=&#8221;af543a65-a510-4d5a-bd0e-f29b21297a1d&#8221; custom_margin=&#8221;30px||0px||false|false&#8221; global_colors_info=&#8221;{}&#8221;]<\/p>\n<p>The <strong>64th Lisboa Fashion Week<\/strong> takes place, co-organized with the <strong>Municipality of Lisbon<\/strong>, from <strong>March 6th to 9th, 2025<\/strong>.<\/p>\n<p><strong>MODALISBOA CAPITAL<\/strong> is an edition that questions, provokes and challenges by knowing its value. Its capital. But what capital? The <strong>geographic<\/strong> \u2014 the capital of the capital, the nerve center, the decision-maker and the decisive one. The <strong>creative<\/strong> \u2014 obviously, due to its assets and conceptual codes capable of thinking about society. The <strong>cultural<\/strong> \u2014 of course, for its historical contribution to an increasingly active and conscious area. The <strong>social and relational<\/strong> \u2014 yes, through synergies, bridges and intersectoral connections. The <strong>economic<\/strong> \u2014 inevitably, because it is the realization of the symbolic and the sustenance of a growing business. And the <strong>human<\/strong> \u2014 always, and above all.<\/p>\n<p>It is the CAPITAL that builds and, therefore, we decided to deconstruct it. The <strong>communication campaign<\/strong>, designed by the <a href=\"https:\/\/www.instagram.com\/graficalismo_studio\/\" target=\"_blank\" rel=\"noopener\"><strong>Graficalismo Studio<\/strong><\/a> begins here, now, with a first image that functions as a preface to six symbolic and material representations of the idea of \u200b\u200bcapital. Revealed over the next month on <a href=\"https:\/\/www.instagram.com\/lisboafashionweek\/\" target=\"_blank\" rel=\"noopener\"><strong>Lisboa Fashion Wee<\/strong>k&#8217;s<\/a> social media, these characters, or <strong>alter-egos<\/strong>, are thoughts transformed into living sculptures using repurposed clothing and textiles. An agglutination\u00a0of very fast fashion, very cultivated waste and a very urgent <strong>sustainability<\/strong> as a way to talk about concerns in an avant-garde post-internet visual language. Thinking about CAPITAL, from the capital, is the starting point for designing the program for this ModaLisboa, an event so capital that it is written with two capital letters.<\/p>\n<p>And we start with the creative CAPITAL: the <strong>Fashion Shows<\/strong> return to <strong>P\u00e1tio da Gal\u00e9<\/strong>, from <strong>March 7th to 9th<\/strong>, with the second and final phase of the Sangue Novo competition supported by Seaside, and the new collections from the Workstation platform and renowned Designers. There will be three days of fashion shows that position <strong>author Fashion<\/strong> as a solution against the hegemony of a colossal and uncertain system, and the <strong>calendar,<\/strong> which will be released soon, brings news.<\/p>\n<p>It is with the creative heritage that we arrive at the inevitable cultural CAPITAL of a Fashion Week: on <strong>March 7th<\/strong>, MODALISBOA CAPITAL debuts at <a href=\"https:\/\/gulbenkian.pt\/cam\/\" target=\"_blank\" rel=\"noopener\"><strong>CAM<\/strong><\/a> with a series of <strong>new activities<\/strong> designed in collaboration with the Gulbenkian Modern Art Center to explore, from its authors&#8217; perspective, the historical relationship between <strong>Fashion and Art<\/strong>. Lisboa Fashion Week&#8217;s foray into the city&#8217;s most important cultural facilities takes it back to <a href=\"https:\/\/mude.pt\/\" target=\"_blank\" rel=\"noopener\"><strong>MUDE &#8211; Museu do Design<\/strong><\/a>, with a programme of <strong>workshops, Fast Talks and Fashion Presentations<\/strong> in different spaces of the building, in an ongoing conversation between Design, Heritage and Community.<\/p>\n<p>To this conversation we add more subjects of <strong>capital importance:<\/strong> responsibility, technology, digital transformation \u2014 in other words, the sustainability of the sector in which we operate. It is also part of the social CAPITAL of a<strong> Fashion Week<\/strong> to be an aggregating event, which strengthens the connection between creators and their audiences with the innovation of an industry, represented here by <a href=\"https:\/\/www.apiccaps.pt\/\" target=\"_blank\" rel=\"noopener\"><strong>APICCAPS<\/strong><\/a> and <a href=\"https:\/\/www.modaportugal.pt\/\" target=\"_blank\" rel=\"noopener\"><strong>CENIT \/ ANIVEC<\/strong><\/a>, which are once again part of the Lisboa Fashion Week program to talk about the future.<\/p>\n<p>From <strong>March 6th to 9th<\/strong>, <strong>CAPITAL<\/strong> is therefore a powerful means of constructing and representing identity, but it becomes especially attractive due to its scope: <strong>within it, we all fit,<\/strong> just as everyone fits within Lisboa\u00a0Fashion Week and its city, sorry, its capital. Talking about CAPITAL means talking about value, <strong>relevance<\/strong>, pertinence; to have CAPITAL is to have the power of subversion, and to be CAPITAL is to be the center of convergence: main, essential. What CAPITAL?<\/p>\n<p><strong>MODALISBOA. IT IS\u00a0CAPITAL.<\/strong><\/p>\n<p>[\/et_pb_text][\/et_pb_column][\/et_pb_row][\/et_pb_section][et_pb_section fb_built=&#8221;1&#8243; disabled_on=&#8221;off|off|off&#8221; admin_label=&#8221;Welcome&#8221; _builder_version=&#8221;4.27.4&#8243; _module_preset=&#8221;default&#8221; custom_padding=&#8221;||||false|false&#8221; da_disable_devices=&#8221;off|off|off&#8221; collapsed=&#8221;off&#8221; global_colors_info=&#8221;{}&#8221; da_is_popup=&#8221;off&#8221; da_exit_intent=&#8221;off&#8221; da_has_close=&#8221;on&#8221; da_alt_close=&#8221;off&#8221; da_dark_close=&#8221;off&#8221; da_not_modal=&#8221;on&#8221; da_is_singular=&#8221;off&#8221; da_with_loader=&#8221;off&#8221; da_has_shadow=&#8221;on&#8221;][et_pb_row column_structure=&#8221;1_4,3_4&#8243; _builder_version=&#8221;4.16&#8243; _module_preset=&#8221;8a327be8-7492-412f-993e-855520c01073&#8243; width=&#8221;70%&#8221; width_tablet=&#8221;85%&#8221; width_phone=&#8221;85%&#8221; width_last_edited=&#8221;on|phone&#8221; custom_margin=&#8221;||||false|false&#8221; custom_padding=&#8221;||||false|false&#8221; global_colors_info=&#8221;{}&#8221;][et_pb_column type=&#8221;1_4&#8243; _builder_version=&#8221;4.16&#8243; _module_preset=&#8221;default&#8221; background_enable_image=&#8221;off&#8221; background_last_edited=&#8221;on|tablet&#8221; background_enable_image_tablet=&#8221;off&#8221; global_colors_info=&#8221;{}&#8221;][et_pb_image src=&#8221;https:\/\/modalisboa.pt\/wp-content\/uploads\/2022\/04\/welcome_carlosmoedas.jpg&#8221; title_text=&#8221;welcome_carlosmoedas&#8221; force_fullwidth=&#8221;off&#8221; src_tablet=&#8221;https:\/\/modalisboa.pt\/wp-content\/uploads\/2022\/03\/behen-648&#215;969-upscale1.jpg&#8221; src_phone=&#8221;https:\/\/modalisboa.pt\/wp-content\/uploads\/2022\/03\/behen-648&#215;969-upscale1.jpg&#8221; src_last_edited=&#8221;off|desktop&#8221; align_tablet=&#8221;left&#8221; align_phone=&#8221;center&#8221; align_last_edited=&#8221;on|phone&#8221; admin_label=&#8221;Foto Presidente CML&#8221; _builder_version=&#8221;4.19.5&#8243; _module_preset=&#8221;bbba922f-0723-48b4-bbed-e1276e096c40&#8243; width=&#8221;100%&#8221; width_tablet=&#8221;50%&#8221; width_phone=&#8221;75%&#8221; width_last_edited=&#8221;on|phone&#8221; global_colors_info=&#8221;{}&#8221;][\/et_pb_image][\/et_pb_column][et_pb_column type=&#8221;3_4&#8243; _builder_version=&#8221;4.16&#8243; _module_preset=&#8221;default&#8221; global_colors_info=&#8221;{}&#8221;][et_pb_text admin_label=&#8221;Nome&#8221; _builder_version=&#8221;4.27.2&#8243; _module_preset=&#8221;af543a65-a510-4d5a-bd0e-f29b21297a1d&#8221; locked=&#8221;off&#8221; global_colors_info=&#8221;{}&#8221;]<\/p>\n<h2>CARLOS MOEDAS<\/h2>\n<p>[\/et_pb_text][et_pb_text admin_label=&#8221;Texto&#8221; _builder_version=&#8221;4.27.4&#8243; _module_preset=&#8221;af543a65-a510-4d5a-bd0e-f29b21297a1d&#8221; custom_margin=&#8221;30px||0px||false|false&#8221; global_colors_info=&#8221;{}&#8221;]<\/p>\n<p><span style=\"text-decoration: underline;\">Mayor of Lisbon<\/span><\/p>\n<p>The 64th Lisboa Fashion Week, under the concept of CAPITAL, challenges us to reflect on what truly sustains and drives fashion: culture, innovation, economy, and, above all, people.<\/p>\n<p>The Lisbon City Council is proud to be part of this dialogue, recognizing ModaLisboa as a key force in establishing our capital as a global center of creativity. Lisbon is a city where ideas take shape, where tradition and avant-garde intersect, and where talent finds the space to flourish. Over the decades, ModaLisboa has been one of the brightest examples of this vocation.<\/p>\n<p>To think about the concept of CAPITAL from the capital is to affirm identity. Lisbon is built daily through its cultural and social dynamics, and fashion, as both an artistic expression and a creative industry, is an essential part of this construction. At P\u00e1tio da Gal\u00e9, CAM Gulbenkian, and MUDE \u2013 each space in this edition will reflect our city in motion, where designers challenge the ephemeral and propose new narratives for the future.<\/p>\n<p>The city\u2019s commitment to this event is also a commitment to its own growth. Because fashion, beyond the creative act, is economy, employment, and innovation. It is sustainability and responsibility. It is a sector that reinvents itself and, in Lisbon, the capital of innovation, finds its natural home.<\/p>\n<p>In this edition of ModaLisboa, we celebrate a Lisbon that positions itself as the epicenter of this movement, reaffirming its place at the forefront of European and global creativity.<\/p>\n<p>Because to be CAPITAL is to be essential. And Lisbon, now more than ever, embodies exactly that.<\/p>\n<p>&nbsp;<\/p>\n<p>[\/et_pb_text][\/et_pb_column][\/et_pb_row][et_pb_row column_structure=&#8221;1_4,3_4&#8243; _builder_version=&#8221;4.16&#8243; _module_preset=&#8221;8a327be8-7492-412f-993e-855520c01073&#8243; width=&#8221;70%&#8221; width_tablet=&#8221;85%&#8221; width_phone=&#8221;85%&#8221; width_last_edited=&#8221;on|phone&#8221; custom_padding=&#8221;||||false|false&#8221; locked=&#8221;off&#8221; global_colors_info=&#8221;{}&#8221;][et_pb_column type=&#8221;1_4&#8243; _builder_version=&#8221;4.16&#8243; _module_preset=&#8221;default&#8221; background_enable_image=&#8221;off&#8221; background_last_edited=&#8221;on|tablet&#8221; background_enable_image_tablet=&#8221;off&#8221; global_colors_info=&#8221;{}&#8221;][et_pb_image src=&#8221;https:\/\/modalisboa.pt\/wp-content\/uploads\/2024\/02\/welcome_eduarda_abbondanza.jpg&#8221; title_text=&#8221;welcome_eduarda_abbondanza&#8221; force_fullwidth=&#8221;off&#8221; src_tablet=&#8221;https:\/\/modalisboa.pt\/wp-content\/uploads\/2022\/03\/behen-648&#215;969-upscale1.jpg&#8221; src_phone=&#8221;https:\/\/modalisboa.pt\/wp-content\/uploads\/2022\/03\/behen-648&#215;969-upscale1.jpg&#8221; src_last_edited=&#8221;off|desktop&#8221; align_tablet=&#8221;left&#8221; align_phone=&#8221;center&#8221; align_last_edited=&#8221;on|tablet&#8221; admin_label=&#8221;Foto Presidente Mlx&#8221; _builder_version=&#8221;4.27.0&#8243; _module_preset=&#8221;bbba922f-0723-48b4-bbed-e1276e096c40&#8243; width=&#8221;100%&#8221; width_tablet=&#8221;50%&#8221; width_phone=&#8221;75%&#8221; width_last_edited=&#8221;on|phone&#8221; global_colors_info=&#8221;{}&#8221;][\/et_pb_image][\/et_pb_column][et_pb_column type=&#8221;3_4&#8243; _builder_version=&#8221;4.16&#8243; _module_preset=&#8221;default&#8221; global_colors_info=&#8221;{}&#8221;][et_pb_text admin_label=&#8221;Nome&#8221; _builder_version=&#8221;4.27.0&#8243; _module_preset=&#8221;af543a65-a510-4d5a-bd0e-f29b21297a1d&#8221; locked=&#8221;off&#8221; global_colors_info=&#8221;{}&#8221;]<\/p>\n<h2>EDUARDA ABBONDANZA<\/h2>\n<p>[\/et_pb_text][et_pb_text admin_label=&#8221;Texto&#8221; _builder_version=&#8221;4.27.4&#8243; _module_preset=&#8221;af543a65-a510-4d5a-bd0e-f29b21297a1d&#8221; custom_margin=&#8221;30px||0px||false|false&#8221; global_colors_info=&#8221;{}&#8221;]<\/p>\n<p><span style=\"text-decoration: underline;\">President of Associa\u00e7\u00e3o ModaLisboa<\/span><\/p>\n<p>&#8220;CAPITAL&#8221; is a dense and imposing word. We didn&#8217;t choose it lightly as the theme for the 64th Lisboa Fashion Week, but we wanted to work with it lightly in the campaign we developed with Graficalismo Studio. Lightness, yes, and humour, and nonsense, and disruption, and discomfort, because we are not an island and we wanted to respond to a 2025 that is proving challenging for the world. But this campaign goes far beyond superficiality: it invites us to think and discuss how one idea can have so many perspectives. How one word can have so many meanings. How one theme can have so many approaches \u2014 just like fashion.<\/p>\n<p>CAPITAL is part of our identity. We have the capital in our name and it is from here that we think, listen, research and now implement the biggest project of the association. Like the capital, ModaLisboa is a centre where voices converge and where everyone feels at home. And this, first and foremost, is our capital. It brings together those who design, those who produce and those who support. Those who see design as a creative force, but also as an economic one, giving them the space to realise their projects, build their brands and create jobs.<\/p>\n<p>And so I welcome you to Lisboa Fashion Week: a capital of innovation where we bring together technology and craft, designers and industry, activism and sustainability. Thanks to the continued support of our co-organiser, the City of Lisbon, our sponsoring brands, industry associations and the venues that provide the context for our work \u2014 P\u00e1tio da Gal\u00e9, MUDE and CAM \u2014 we have put together a programme that is relevant and essential to ensuring the future of our industry.\u00a0 I would like to thank all of them, my team and you, for continuing to contribute to the affirmation of fashion as a culture, as an industry. And as CAPITAL.<\/p>\n<p>[\/et_pb_text][\/et_pb_column][\/et_pb_row][\/et_pb_section][et_pb_section fb_built=&#8221;1&#8243; disabled_on=&#8221;off|off|off&#8221; admin_label=&#8221;Agradecimentos&#8221; _builder_version=&#8221;4.27.4&#8243; _module_preset=&#8221;default&#8221; custom_padding=&#8221;||||false|false&#8221; da_disable_devices=&#8221;off|off|off&#8221; global_colors_info=&#8221;{}&#8221; da_is_popup=&#8221;off&#8221; da_exit_intent=&#8221;off&#8221; da_has_close=&#8221;on&#8221; da_alt_close=&#8221;off&#8221; da_dark_close=&#8221;off&#8221; da_not_modal=&#8221;on&#8221; da_is_singular=&#8221;off&#8221; da_with_loader=&#8221;off&#8221; da_has_shadow=&#8221;on&#8221;][et_pb_row _builder_version=&#8221;4.24.0&#8243; _module_preset=&#8221;8a327be8-7492-412f-993e-855520c01073&#8243; width=&#8221;70%&#8221; width_tablet=&#8221;85%&#8221; width_phone=&#8221;85%&#8221; width_last_edited=&#8221;on|phone&#8221; custom_margin=&#8221;||||false|false&#8221; custom_padding=&#8221;||||false|false&#8221; global_colors_info=&#8221;{}&#8221;][et_pb_column type=&#8221;4_4&#8243; _builder_version=&#8221;4.16&#8243; _module_preset=&#8221;default&#8221; background_enable_image=&#8221;off&#8221; background_last_edited=&#8221;on|tablet&#8221; background_enable_image_tablet=&#8221;off&#8221; global_colors_info=&#8221;{}&#8221;][et_pb_text admin_label=&#8221;Agradecimentos&#8221; _builder_version=&#8221;4.27.4&#8243; _module_preset=&#8221;af543a65-a510-4d5a-bd0e-f29b21297a1d&#8221; header_2_text_align_tablet=&#8221;center&#8221; header_2_text_align_phone=&#8221;center&#8221; header_2_text_align_last_edited=&#8221;on|tablet&#8221; text_orientation_tablet=&#8221;center&#8221; text_orientation_phone=&#8221;center&#8221; text_orientation_last_edited=&#8221;on|desktop&#8221; global_colors_info=&#8221;{}&#8221;]<\/p>\n<h2><strong>ACKNOWLEDGMENTS<\/strong><\/h2>\n<p>[\/et_pb_text][et_pb_text admin_label=&#8221;Texto&#8221; _builder_version=&#8221;4.27.4&#8243; _module_preset=&#8221;af543a65-a510-4d5a-bd0e-f29b21297a1d&#8221; custom_margin=&#8221;30px||0px||false|false&#8221; global_colors_info=&#8221;{}&#8221;]<\/p>\n<p>ModaLisboa would like to thank:<\/p>\n<p>The Mayor of Lisbon, Eng. Carlos Moedas.<\/p>\n<p>Alberto Laplaine Guimar\u00e3es, Ana Eug\u00e9nia In\u00e1cio, Ana Mata, Ant\u00f3nio Valle, Catarina Duarte, Catarina F\u00e9lix, C\u00e1tia Montenegro, Celeste Reis, Chefe Jos\u00e9 Martins, Comiss\u00e1rio Jos\u00e9 Gil, Cristina Coelho, Cristina Costa, Cristina Moita, David Monteiro, Elisabete Brito, Filipa Abecasis, Gabriela Seara, Gra\u00e7a Soares, Isabel Magalh\u00e3es, Isabel Niny, Jo\u00e3o Oliveira e Silva, Jo\u00e3o Pedro Pereira, Jorge Cruz, Jorge Matos, Jos\u00e9 Augusto Silva, Jos\u00e9 Sande, J\u00falio Sequeira, Laurentina Pereira, Louren\u00e7o Jardim de Oliveira, Lu\u00edsa Teixeira, Marina Gon\u00e7alves, Manuel Rocha, Manuela Azevedo, Manuela Martins, Margarida Ferro, Marta Rodrigues, Oct\u00e1vio Gon\u00e7alves, Paula Carpinteiro, Paula Levy, Paulo Pimenta, Patr\u00edcia Casaca, Patr\u00edcia Santos, Pedro Oliveira, Ros\u00e1rio Melo, Rui Arenga and Rui Lourido from the Municipality of Lisbon.<\/p>\n<p>V\u00edtor Costa, Paula Oliveira and V\u00edtor Carri\u00e7o from Lisbon Tourism Association. Rodolfo Dur\u00e3o and Bruno Prates from Lismarketing.<\/p>\n<p>B\u00e1rbara Coutinho, Bruno Castro, Pedro Oliveira, Sofia Alves, Cristina Gomes, Cristina Duarte from MUDE &#8211; Museum of esign.<\/p>\n<p>Ana Botella, Benjamin Weil, Susana Prud\u00eancio, Carolina Ladeira, Elisabete Caramelo, Francisca Aires, Isabel Gouveia, Matilde Neves, Otelo Lapa, Patr\u00edcia Rosas, Pedro Relvas, Pedro Vaz Sim\u00f5es, Rita Fabiana, Teresa Thomaz from CAM &#8211; Centro de Arte Moderna da Funda\u00e7\u00e3o Calouste Gulbenkian.<\/p>\n<p>Ambassador Claudio Miscia, Simone Salvatore, Rita Marrone, and Gaja Ravasini from the Italian Embassy.<\/p>\n<p>Alexandre Castanheira, Alexandre Franco, Alice Braz\u00e3o, Ana Moreira, Ana Oliveira, Ana Tavares, Andr\u00e9 Ivo, Andreia G\u00f3is, Ant\u00f3nia Rosa, Ant\u00f3nio Cust\u00f3dio, Antonio Lettieri, Armando Ribeiro, Beatriz Junqueiro, Best Models, Bizaction, Broomtec, Bruno Reffel, Calvelex, Camila Mila, Carlos F\u00e9lix, Carlos Malta, Carlota Pires de Almeida, Carolina Correia, Carolina Morais, Carolina Rainho, Catarina Almeida, C\u00e9lia Alves, C\u00e9lia F\u00e9lix, Central Models, C\u00e9sar Ara\u00fajo, Ces\u00e1ria Martins, Cl\u00e1udia Almeida Silva, Cl\u00e1udia Fazenda, Cl\u00e1udia Nunes, Cl\u00e1udia Sim\u00f5es, Constan\u00e7a Entrudo, Cristina Firmino, Da Banda, Daiena D\u00e2maso, Daniel Matos Fernandes, Daniela Nascimento, Danilo Venturi, Diogo Faial, Duarte Rente, Eduarda Abbondanza, Eduarda Olivieri, Eduardo Estrela, EGEAC, Elisabete Guerreiro, Elite Lisbon, Eus\u00e9bio&amp;Rodrigues, F\u00e1bio Mendes, F\u00e1bio Silva, Fabrics4Fashion, Face Models, Fashion Studio, F\u00e1tima Barros, F\u00e1tima Sobrinho, Fernando Bastos Pereira, Francisca Cabral, Francisca Delgado, Francisco Novais, Francisco Vasconcelos, FX Roadlights, Gabriela Vasconcelos, Gon\u00e7alo Guiomar, Gon\u00e7alo Vilardeb\u00f3, Graziela Sousa, Groove Digital, Guilherme Prata, Helena Vaz Pereira, Helibrando Videira, H\u00e9lo\u00efse Mar\u00e9chal, Henrique Gon\u00e7alves, Henrique Pinheiro, Herlander Carvalho, Hugo Pedroso, IED \u2013 Istituto Europeo di Design, In\u00eas Brochado, In\u00eas Marques, In\u00eas Pereira, In\u00eas Vital Morgado, In\u00eas Zinho Pinheiro, Irina Chitas, Isabel Santos, Isadora Hon\u00f3rio, Jaime Carvalho, Jo\u00e3o Diogo Rogado, Jo\u00e3o Esteves, Jo\u00e3o Pedro, Jo\u00e3o Pedro Padinha, Jo\u00e3o Rosa, Joana Barrios, Joana Jorge, Joana Lopes, Jorge Ginja, Jorge Marques, Jos\u00e9 Mota Leal, Jos\u00e9 Pinto, Jos\u00e9 Reizinho, Just Models, Karacter Agency, KNOWHO, L\u2019Agence, Lidija Kolovrat, L\u00edgia Gon\u00e7alves, Locke, Lola Maria, Lu\u00eds Leal Miranda, Lu\u00eds Miguel Fonseca, Lu\u00eds Pereira, Lu\u00eds Pinto, Madalena Begonha, Manuel Lopes Teixeira, Manuela Oliveira, Marco Amaral, Margarida Paiva, Maria Jo\u00e3o Ramos, Maria Stoer, Mariana Fernandes, Mariana Garcia, Mariana Teixeira, Mariana Torres, Marisa Martins, Marta Batista, Marta Cruz Lemos, Marta Ferreira da Silva, Marta Mimoso, Martim Fevereiro, Matilde Tudela, Matteo Ward, MCatering, Miguel \u00c2ngelo, Miguel Flor, Mira Wanderlust, Nuno Lobo, Nuno Mendes, Nuno Paiva, Nuno Sousa Martins, Olga Barrisco, Paradise Streets, Patr\u00edcia Borges, Patr\u00edcia Costa, Paulo Gomes, Paulo Gon\u00e7alves, Pedro Brito, Pedro Carvalho, Pedro Curto, Pedro Reis, Pinkplate, Raquel R\u00e9sio, RDD Textiles, Ricardo Costa, Ricardo Gomes, Ricardo Nogueira, Ricardo Reis, Riopele, Rita Afonso Ferreira, Rita Gil, Rita Gomes, Rita Neves, Rita Rolex, Rodrigo Delgado, Rodrigo Gomes, Rodrigo Oliveira, Rodolfo Morgado, Rune Park, Rui Maria P\u00eago, Rui Rodrigues, Samuel Antunes, Sea Agency, Seaside, Sebasti\u00e3o Teixeira, Showpress, S\u00edlvio Teixeira, Simple Way, Sofia Amaral Coelho, Sofia Carvalho, Sofia Matos Ribeiro, Sofia Raimundo, Sofia Tavares de Carvalho, Sofia Varatojo, Story Hunters, TerceiraSegur, Thaina Correa, Thibauld Claisse, Tiago Bastos Nunes, Tiago de Sousa, Tiago Manaia, TIRP, Ugo Camera, Umberto Sannino, Vasco Carvalho, Victor Neves Ferreira, V\u00edtor Machado, We Are Models, World Academy, Xana Guerra.<\/p>\n<p>All our friends who have collaborated with us throughout all the editions, the Designers, all the fashion professionals, volunteers, and the many hundreds of people involved in the organization of this great event.<\/p>\n<p>[\/et_pb_text][\/et_pb_column][\/et_pb_row][\/et_pb_section]<\/p>\n","protected":false},"excerpt":{"rendered":"<p>Welcome | ModaLisboa Capital<\/p>\n","protected":false},"author":2,"featured_media":0,"parent":150306,"menu_order":1,"comment_status":"closed","ping_status":"closed","template":"","meta":{"_acf_changed":false,"_et_pb_use_builder":"on","_et_pb_old_content":"","_et_gb_content_width":"","inline_featured_image":false,"footnotes":""},"class_list":["post-150323","page","type-page","status-publish","hentry"],"acf":[],"_links":{"self":[{"href":"https:\/\/modalisboa.pt\/en\/wp-json\/wp\/v2\/pages\/150323","targetHints":{"allow":["GET"]}}],"collection":[{"href":"https:\/\/modalisboa.pt\/en\/wp-json\/wp\/v2\/pages"}],"about":[{"href":"https:\/\/modalisboa.pt\/en\/wp-json\/wp\/v2\/types\/page"}],"author":[{"embeddable":true,"href":"https:\/\/modalisboa.pt\/en\/wp-json\/wp\/v2\/users\/2"}],"replies":[{"embeddable":true,"href":"https:\/\/modalisboa.pt\/en\/wp-json\/wp\/v2\/comments?post=150323"}],"version-history":[{"count":5,"href":"https:\/\/modalisboa.pt\/en\/wp-json\/wp\/v2\/pages\/150323\/revisions"}],"predecessor-version":[{"id":170282,"href":"https:\/\/modalisboa.pt\/en\/wp-json\/wp\/v2\/pages\/150323\/revisions\/170282"}],"up":[{"embeddable":true,"href":"https:\/\/modalisboa.pt\/en\/wp-json\/wp\/v2\/pages\/150306"}],"wp:attachment":[{"href":"https:\/\/modalisboa.pt\/en\/wp-json\/wp\/v2\/media?parent=150323"}],"curies":[{"name":"wp","href":"https:\/\/api.w.org\/{rel}","templated":true}]}}