{"id":5885,"date":"2022-05-30T10:21:04","date_gmt":"2022-05-30T10:21:04","guid":{"rendered":"https:\/\/modalisboa.pt\/?page_id=5885"},"modified":"2022-11-03T16:45:00","modified_gmt":"2022-11-03T16:45:00","slug":"privacy-policy","status":"publish","type":"page","link":"https:\/\/modalisboa.pt\/en\/lisboafashionweek-metaphysical\/privacy-policy\/","title":{"rendered":"Privacy Policy"},"content":{"rendered":"<p>[et_pb_section fb_built=&#8221;1&#8243; admin_label=&#8221;section&#8221; _builder_version=&#8221;4.16&#8243; da_disable_devices=&#8221;off|off|off&#8221; global_colors_info=&#8221;{}&#8221; da_is_popup=&#8221;off&#8221; da_exit_intent=&#8221;off&#8221; da_has_close=&#8221;on&#8221; da_alt_close=&#8221;off&#8221; da_dark_close=&#8221;off&#8221; da_not_modal=&#8221;on&#8221; da_is_singular=&#8221;off&#8221; da_with_loader=&#8221;off&#8221; da_has_shadow=&#8221;on&#8221;][et_pb_row _builder_version=&#8221;4.16&#8243; _module_preset=&#8221;default&#8221; width=&#8221;70%&#8221; width_tablet=&#8221;85%&#8221; width_phone=&#8221;85%&#8221; width_last_edited=&#8221;on|phone&#8221; max_width=&#8221;2560px&#8221; locked=&#8221;off&#8221; global_colors_info=&#8221;{}&#8221;][et_pb_column type=&#8221;4_4&#8243; _builder_version=&#8221;4.16&#8243; _module_preset=&#8221;default&#8221; global_colors_info=&#8221;{}&#8221;][et_pb_text _builder_version=&#8221;4.16&#8243; _module_preset=&#8221;af543a65-a510-4d5a-bd0e-f29b21297a1d&#8221; global_colors_info=&#8221;{}&#8221;]<\/p>\n<h2>Pol\u00edtica de Privacidade<\/h2>\n<p>[\/et_pb_text][et_pb_text _builder_version=&#8221;4.16&#8243; _module_preset=&#8221;af543a65-a510-4d5a-bd0e-f29b21297a1d&#8221; custom_margin=&#8221;30px||0px||false|false&#8221; global_colors_info=&#8221;{}&#8221;]<\/p>\n<p>A Associa\u00e7\u00e3o ModaLisboa, com sede na Rua do Arsenal n\u00ba 25, em Lisboa, contribuinte n.\u00ba 503 752 274, \u00e9 a entidade respons\u00e1vel pela recolha e tratamentos dos seus dados.<\/p>\n<p>Caso deseje, poder\u00e1, em qualquer momento, exercer o direito de acesso, altera\u00e7\u00e3o, atualiza\u00e7\u00e3o e elimina\u00e7\u00e3o dos seus dados, previsto na lei de Prote\u00e7\u00e3o de Dados de Car\u00e1ter Pessoal.<\/p>\n<p>A prote\u00e7\u00e3o, seguran\u00e7a e privacidade dos seus dados pessoais \u00e9 muito importante para a Associa\u00e7\u00e3o ModaLisboa.<\/p>\n<p>[\/et_pb_text][\/et_pb_column][\/et_pb_row][et_pb_row _builder_version=&#8221;4.16&#8243; _module_preset=&#8221;default&#8221; width=&#8221;70%&#8221; width_tablet=&#8221;85%&#8221; width_phone=&#8221;85%&#8221; width_last_edited=&#8221;on|phone&#8221; max_width=&#8221;2560px&#8221; custom_margin=&#8221;50px||||false|false&#8221; custom_padding=&#8221;0px||||false|false&#8221; locked=&#8221;off&#8221; global_colors_info=&#8221;{}&#8221;][et_pb_column type=&#8221;4_4&#8243; _builder_version=&#8221;4.16&#8243; _module_preset=&#8221;default&#8221; global_colors_info=&#8221;{}&#8221;][et_pb_text _builder_version=&#8221;4.16&#8243; _module_preset=&#8221;af543a65-a510-4d5a-bd0e-f29b21297a1d&#8221; header_3_font=&#8221;Inter|700||on|||||&#8221; global_colors_info=&#8221;{}&#8221;]<\/p>\n<div class=\"contactos-departamento\">\n<h3><strong>Como \u00e9 que recolhemos os seus dados?<\/strong><\/h3>\n<p>A Associa\u00e7\u00e3o ModaLisboa recolhe os seus dados atrav\u00e9s das seguintes plataformas:<br \/>\u2013 Subscri\u00e7\u00e3o de newsletter no website<br \/>\u2013 Registo na App mobile ModaLisboa, para efeitos de vota\u00e7\u00e3o no concurso de jovens designers, Sangue Novo.<\/p>\n<\/div>\n<div class=\"contactos-departamento\">\n<h3><strong>Que dados s\u00e3o recolhidos?<\/strong><\/h3>\n<p><span>Identifica\u00e7\u00e3o e contacto:\u00a0nome e endere\u00e7o de correio eletr\u00f3nico, fotografia e local. Se se registar via qualquer rede social, autoriza que a rede social partilhe alguns dos seus dados com a Associa\u00e7\u00e3o ModaLisboa. Por via de registo com e-mail, apenas recolhemos o nome e o endere\u00e7o de e-mail.<\/span><\/p>\n<\/div>\n<div class=\"contactos-departamento\">\n<h3><strong>Como \u00e9 que mantemos os seus dados seguros?<\/strong><\/h3>\n<p>Todos os dados recolhidos s\u00e3o encriptados atrav\u00e9s da utiliza\u00e7\u00e3o de um certificado de seguran\u00e7a \u2013 SSL.<\/p>\n<p>Os dados s\u00e3o armazenados numa base de dados e utilizados exclusivamente pela Associa\u00e7\u00e3o ModaLisboa.<\/p>\n<p>Procedemos permanentemente \u00e0 monitoriza\u00e7\u00e3o dos acessos aos sistemas de tecnologias da informa\u00e7\u00e3o tendo em vista prevenir, detetar e impedir o uso indevido dos seus dados pessoais.<\/p>\n<\/div>\n<div class=\"contactos-departamento\">\n<h3><strong>Partilha dos seus dados pessoais<\/strong><\/h3>\n<p><span>A Associa\u00e7\u00e3o ModaLisboa n\u00e3o partilha, em momento algum, os seus dados pessoais com terceiros.<\/span><\/p>\n<\/div>\n<div class=\"contactos-departamento\">\n<h3><strong>Durante quanto tempo s\u00e3o mantidos os dados?<\/strong><\/h3>\n<p><span>A Associa\u00e7\u00e3o ModaLisboa apenas mant\u00e9m os seus dados durante o tempo necess\u00e1rio \u00e0 presta\u00e7\u00e3o do servi\u00e7o pretendido.<\/span><\/p>\n<\/div>\n<div class=\"contactos-departamento\">\n<h3><strong>Como \u00e9 que pode alterar o seu consentimento ou apagar os seus dados?<\/strong><\/h3>\n<p>Caso deseje, poder\u00e1, a qualquer momento, solicitar a altera\u00e7\u00e3o ou remo\u00e7\u00e3o dos seus dados pessoais, atrav\u00e9s do e-mail<span>\u00a0<\/span><a href=\"mailto:modalisboa@modalisboa.pt\">modalisboa@modalisboa.pt<\/a><\/p>\n<p>Para efeitos de subscri\u00e7\u00e3o de newsletter, os utilizadores poder\u00e3o remover o seu e-mail clicando em \u201cCancele a sua subscri\u00e7\u00e3o\u201d, dispon\u00edvel em todos os e-mails. Em alternativa, poder\u00e1, qualquer momento, enviar um email para<span>\u00a0<\/span><a href=\"mailto:newsletter@modalisboa.pt\">newsletter@modalisboa.pt<\/a><span>\u00a0<\/span>com o seu pedido e responderemos com a m\u00e1xima brevidade.<\/p>\n<\/div>\n<div class=\"contactos-departamento\">\n<h3>COMO PODE APAGAR A SUA CONTA?<\/h3>\n<p><span>Para poder apagar a sua conta, poder\u00e1 enviar um email para\u00a0<\/span><a href=\"mailto:app.modalisboa@modalisboa.pt\">app.modalisboa@modalisboa.pt<\/a><span>\u00a0onde deve incluir o seu Nome e Email e responderemos com a m\u00e1xima brevidade.<\/span><\/p>\n<\/div>\n<div class=\"contactos-departamento\">\n<h3><strong>Como pode contactar-nos?<\/strong><\/h3>\n<p>Para qualquer quest\u00e3o relativa \u00e0 privacidade e seguran\u00e7a dos seus dados poder\u00e1 contactar-nos pelo email\u00a0<a href=\"mailto:modalisboa@modalisboa.pt\">modalisboa@modalisboa.pt<\/a>\u00a0e responderemos com a m\u00e1xima brevidade.<\/p>\n<\/div>\n<p>[\/et_pb_text][\/et_pb_column][\/et_pb_row][\/et_pb_section]<\/p>\n","protected":false},"excerpt":{"rendered":"<p>Pol\u00edtica de PrivacidadeA Associa\u00e7\u00e3o ModaLisboa, com sede na Rua do Arsenal n\u00ba 25, em Lisboa, contribuinte n.\u00ba 503 752 274, \u00e9 a entidade respons\u00e1vel pela recolha e tratamentos dos seus dados. Caso deseje, poder\u00e1, em qualquer momento, exercer o direito de acesso, altera\u00e7\u00e3o, atualiza\u00e7\u00e3o e elimina\u00e7\u00e3o dos seus dados, previsto na lei de Prote\u00e7\u00e3o de Dados de Car\u00e1ter Pessoal. A prote\u00e7\u00e3o, seguran\u00e7a e privacidade dos seus dados pessoais \u00e9 muito importante para a Associa\u00e7\u00e3o ModaLisboa. Como \u00e9 que recolhemos os seus dados? A Associa\u00e7\u00e3o ModaLisboa recolhe os seus dados atrav\u00e9s das seguintes plataformas:\u2013 Subscri\u00e7\u00e3o de newsletter no website\u2013 Registo na App mobile ModaLisboa, para efeitos de vota\u00e7\u00e3o no concurso de jovens designers, Sangue Novo. Que dados s\u00e3o recolhidos? Identifica\u00e7\u00e3o e contacto:\u00a0nome e endere\u00e7o de correio eletr\u00f3nico, fotografia e local. Se se registar via qualquer rede social, autoriza que a rede social partilhe alguns dos seus dados com a Associa\u00e7\u00e3o ModaLisboa. Por via de registo com e-mail, apenas recolhemos o nome e o endere\u00e7o de e-mail. Como \u00e9 que mantemos os seus dados seguros? Todos os dados recolhidos s\u00e3o encriptados atrav\u00e9s da utiliza\u00e7\u00e3o de um certificado de seguran\u00e7a \u2013 SSL. Os dados s\u00e3o armazenados numa base de dados e utilizados exclusivamente [&hellip;]<\/p>\n","protected":false},"author":1,"featured_media":0,"parent":5849,"menu_order":14,"comment_status":"closed","ping_status":"closed","template":"","meta":{"_acf_changed":false,"_et_pb_use_builder":"on","_et_pb_old_content":"[et_pb_section fb_built=\"1\" admin_label=\"section\" _builder_version=\"4.15\" da_disable_devices=\"off|off|off\" global_colors_info=\"{}\" theme_builder_area=\"post_content\" da_is_popup=\"off\" da_exit_intent=\"off\" da_has_close=\"on\" da_alt_close=\"off\" da_dark_close=\"off\" da_not_modal=\"on\" da_is_singular=\"off\" da_with_loader=\"off\" da_has_shadow=\"on\"][et_pb_row _builder_version=\"4.15.1\" _module_preset=\"default\" width=\"70%\" width_tablet=\"85%\" width_phone=\"85%\" width_last_edited=\"on|phone\" max_width=\"2560px\" locked=\"off\" global_colors_info=\"{}\" theme_builder_area=\"post_content\"][et_pb_column type=\"4_4\" _builder_version=\"4.15.1\" _module_preset=\"default\" global_colors_info=\"{}\" theme_builder_area=\"post_content\"][et_pb_text _builder_version=\"4.15.1\" _module_preset=\"af543a65-a510-4d5a-bd0e-f29b21297a1d\" global_colors_info=\"{}\" theme_builder_area=\"post_content\"]<h2>Pol\u00edtica de Privacidade<\/h2>[\/et_pb_text][et_pb_text _builder_version=\"4.15.1\" _module_preset=\"af543a65-a510-4d5a-bd0e-f29b21297a1d\" custom_margin=\"30px||0px||false|false\" global_colors_info=\"{}\" theme_builder_area=\"post_content\"]<p>A Associa\u00e7\u00e3o ModaLisboa, com sede na Rua do Arsenal n\u00ba 25, em Lisboa, contribuinte n.\u00ba 503 752 274, \u00e9 a entidade respons\u00e1vel pela recolha e tratamentos dos seus dados.<\/p>\r\n<p>Caso deseje, poder\u00e1, em qualquer momento, exercer o direito de acesso, altera\u00e7\u00e3o, atualiza\u00e7\u00e3o e elimina\u00e7\u00e3o dos seus dados, previsto na lei de Prote\u00e7\u00e3o de Dados de Car\u00e1ter Pessoal.<\/p>\r\n<p>A prote\u00e7\u00e3o, seguran\u00e7a e privacidade dos seus dados pessoais \u00e9 muito importante para a Associa\u00e7\u00e3o ModaLisboa.<\/p>[\/et_pb_text][\/et_pb_column][\/et_pb_row][et_pb_row _builder_version=\"4.15.1\" _module_preset=\"default\" width=\"70%\" width_tablet=\"85%\" width_phone=\"85%\" width_last_edited=\"on|phone\" max_width=\"2560px\" custom_margin=\"50px||||false|false\" custom_padding=\"0px||||false|false\" locked=\"off\" global_colors_info=\"{}\" theme_builder_area=\"post_content\"][et_pb_column type=\"4_4\" _builder_version=\"4.15.1\" _module_preset=\"default\" global_colors_info=\"{}\" theme_builder_area=\"post_content\"][et_pb_text _builder_version=\"4.15.1\" _module_preset=\"af543a65-a510-4d5a-bd0e-f29b21297a1d\" header_3_font=\"Inter|700||on|||||\" global_colors_info=\"{}\" theme_builder_area=\"post_content\"]<div class=\"contactos-departamento\">\r\n<h3><strong>Como \u00e9 que recolhemos os seus dados?<\/strong><\/h3>\r\n<p>A Associa\u00e7\u00e3o ModaLisboa recolhe os seus dados atrav\u00e9s das seguintes plataformas:<br \/>\u2013 Subscri\u00e7\u00e3o de newsletter no website<br \/>\u2013 Registo na App mobile ModaLisboa, para efeitos de vota\u00e7\u00e3o no concurso de jovens designers, Sangue Novo.<\/p>\r\n<\/div>\r\n<div class=\"contactos-departamento\">\r\n<h3><strong>Que dados s\u00e3o recolhidos?<\/strong><\/h3>\r\n<p><span>Identifica\u00e7\u00e3o e contacto:\u00a0nome e endere\u00e7o de correio eletr\u00f3nico, fotografia e local. Se se registar via qualquer rede social, autoriza que a rede social partilhe alguns dos seus dados com a Associa\u00e7\u00e3o ModaLisboa. Por via de registo com e-mail, apenas recolhemos o nome e o endere\u00e7o de e-mail.<\/span><\/p>\r\n<\/div>\r\n<div class=\"contactos-departamento\">\r\n<h3><strong>Como \u00e9 que mantemos os seus dados seguros?<\/strong><\/h3>\r\n<p>Todos os dados recolhidos s\u00e3o encriptados atrav\u00e9s da utiliza\u00e7\u00e3o de um certificado de seguran\u00e7a \u2013 SSL.<\/p>\r\n<p>Os dados s\u00e3o armazenados numa base de dados e utilizados exclusivamente pela Associa\u00e7\u00e3o ModaLisboa.<\/p>\r\n<p>Procedemos permanentemente \u00e0 monitoriza\u00e7\u00e3o dos acessos aos sistemas de tecnologias da informa\u00e7\u00e3o tendo em vista prevenir, detetar e impedir o uso indevido dos seus dados pessoais.<\/p>\r\n<\/div>\r\n<div class=\"contactos-departamento\">\r\n<h3><strong>Partilha dos seus dados pessoais<\/strong><\/h3>\r\n<p><span>A Associa\u00e7\u00e3o ModaLisboa n\u00e3o partilha, em momento algum, os seus dados pessoais com terceiros.<\/span><\/p>\r\n<\/div>\r\n<div class=\"contactos-departamento\">\r\n<h3><strong>Durante quanto tempo s\u00e3o mantidos os dados?<\/strong><\/h3>\r\n<p><span>A Associa\u00e7\u00e3o ModaLisboa apenas mant\u00e9m os seus dados durante o tempo necess\u00e1rio \u00e0 presta\u00e7\u00e3o do servi\u00e7o pretendido.<\/span><\/p>\r\n<\/div>\r\n<div class=\"contactos-departamento\">\r\n<h3><strong>Como \u00e9 que pode alterar o seu consentimento ou apagar os seus dados?<\/strong><\/h3>\r\n<p>Caso deseje, poder\u00e1, a qualquer momento, solicitar a altera\u00e7\u00e3o ou remo\u00e7\u00e3o dos seus dados pessoais, atrav\u00e9s do e-mail<span>\u00a0<\/span><a href=\"mailto:modalisboa@modalisboa.pt\">modalisboa@modalisboa.pt<\/a><\/p>\r\n<p>Para efeitos de subscri\u00e7\u00e3o de newsletter, os utilizadores poder\u00e3o remover o seu e-mail clicando em \u201cCancele a sua subscri\u00e7\u00e3o\u201d, dispon\u00edvel em todos os e-mails. Em alternativa, poder\u00e1, qualquer momento, enviar um email para<span>\u00a0<\/span><a href=\"mailto:newsletter@modalisboa.pt\">newsletter@modalisboa.pt<\/a><span>\u00a0<\/span>com o seu pedido e responderemos com a m\u00e1xima brevidade.<\/p>\r\n<\/div>\r\n<div class=\"contactos-departamento\">\r\n<h3>COMO PODE APAGAR A SUA CONTA?<\/h3>\r\n<p><span>Para poder apagar a sua conta, poder\u00e1 enviar um email para\u00a0<\/span><a href=\"mailto:app.modalisboa@modalisboa.pt\">app.modalisboa@modalisboa.pt<\/a><span>\u00a0onde deve incluir o seu Nome e Email e responderemos com a m\u00e1xima brevidade.<\/span><\/p>\r\n<\/div>\r\n<div class=\"contactos-departamento\">\r\n<h3><strong>Como pode contactar-nos?<\/strong><\/h3>\r\n<p>Para qualquer quest\u00e3o relativa \u00e0 privacidade e seguran\u00e7a dos seus dados poder\u00e1 contactar-nos pelo email\u00a0<a href=\"mailto:modalisboa@modalisboa.pt\">modalisboa@modalisboa.pt<\/a>\u00a0e responderemos com a m\u00e1xima brevidade.<\/p>\r\n<\/div>[\/et_pb_text][\/et_pb_column][\/et_pb_row][\/et_pb_section]","_et_gb_content_width":"","inline_featured_image":false,"footnotes":""},"class_list":["post-5885","page","type-page","status-publish","hentry"],"acf":[],"_links":{"self":[{"href":"https:\/\/modalisboa.pt\/en\/wp-json\/wp\/v2\/pages\/5885","targetHints":{"allow":["GET"]}}],"collection":[{"href":"https:\/\/modalisboa.pt\/en\/wp-json\/wp\/v2\/pages"}],"about":[{"href":"https:\/\/modalisboa.pt\/en\/wp-json\/wp\/v2\/types\/page"}],"author":[{"embeddable":true,"href":"https:\/\/modalisboa.pt\/en\/wp-json\/wp\/v2\/users\/1"}],"replies":[{"embeddable":true,"href":"https:\/\/modalisboa.pt\/en\/wp-json\/wp\/v2\/comments?post=5885"}],"version-history":[{"count":3,"href":"https:\/\/modalisboa.pt\/en\/wp-json\/wp\/v2\/pages\/5885\/revisions"}],"predecessor-version":[{"id":6120,"href":"https:\/\/modalisboa.pt\/en\/wp-json\/wp\/v2\/pages\/5885\/revisions\/6120"}],"up":[{"embeddable":true,"href":"https:\/\/modalisboa.pt\/en\/wp-json\/wp\/v2\/pages\/5849"}],"wp:attachment":[{"href":"https:\/\/modalisboa.pt\/en\/wp-json\/wp\/v2\/media?parent=5885"}],"curies":[{"name":"wp","href":"https:\/\/api.w.org\/{rel}","templated":true}]}}